{"id":62,"date":"2023-12-06T09:52:13","date_gmt":"2023-12-06T09:52:13","guid":{"rendered":"https:\/\/thirsty-leakey.88-198-59-92.plesk.page\/?page_id=62"},"modified":"2025-01-28T10:25:26","modified_gmt":"2025-01-28T10:25:26","slug":"test","status":"publish","type":"page","link":"https:\/\/soziale-dienste-wol.de\/","title":{"rendered":"Startseite"},"content":{"rendered":"<p>[et_pb_section fb_built=&#8220;1&#8243; custom_padding_last_edited=&#8220;off|desktop&#8220; admin_label=&#8220;Header&#8220; _builder_version=&#8220;4.23.1&#8243; use_background_color_gradient=&#8220;on&#8220; background_color_gradient_type=&#8220;circular&#8220; background_color_gradient_direction_radial=&#8220;right&#8220; background_color_gradient_stops=&#8220;rgba(255,255,255,0) 0%|#f9fafc 100%&#8220; background_color_gradient_overlays_image=&#8220;on&#8220; background_color_gradient_start=&#8220;rgba(255,255,255,0)&#8220; background_color_gradient_end=&#8220;#f9fafc&#8220; background_image=&#8220;https:\/\/soziale-dienste-wol.de\/wp-content\/uploads\/2024\/01\/sd_wol_2021_034-scaled.jpg&#8220; background_position=&#8220;center_right&#8220; custom_margin=&#8220;||||true|false&#8220; custom_padding=&#8220;174px||174px||true|false&#8220; custom_padding_tablet=&#8220;||||false|false&#8220; custom_padding_phone=&#8220;||||false|false&#8220; global_colors_info=&#8220;{}&#8220;][et_pb_row column_structure=&#8220;1_2,1_2&#8243; _builder_version=&#8220;4.16&#8243; max_width=&#8220;1280px&#8220; use_custom_width=&#8220;on&#8220; custom_width_px=&#8220;1280px&#8220; global_colors_info=&#8220;{}&#8220;][et_pb_column type=&#8220;1_2&#8243; _builder_version=&#8220;4.16&#8243; custom_padding=&#8220;|||&#8220; global_colors_info=&#8220;{}&#8220; custom_padding__hover=&#8220;|||&#8220;][et_pb_text _builder_version=&#8220;4.23.1&#8243; text_font=&#8220;||||||||&#8220; header_font=&#8220;Days One|700|||||||&#8220; header_font_size=&#8220;50px&#8220; header_line_height=&#8220;1.4em&#8220; header_2_font=&#8220;Roboto Flex||||||||&#8220; header_2_text_color=&#8220;rgba(51,51,51,0.82)&#8220; header_2_font_size=&#8220;34px&#8220; header_2_line_height=&#8220;1.6em&#8220; text_orientation=&#8220;center&#8220; animation_style=&#8220;slide&#8220; animation_direction=&#8220;bottom&#8220; header_font_size_tablet=&#8220;35px&#8220; header_font_size_phone=&#8220;25px&#8220; header_font_size_last_edited=&#8220;on|desktop&#8220; global_colors_info=&#8220;{}&#8220;]<\/p>\n<h1>Soziale Dienste Westoverledingen<\/h1>\n<h2>Kirchlicher Pflegedienst<\/h2>\n<p>[\/et_pb_text][\/et_pb_column][et_pb_column type=&#8220;1_2&#8243; _builder_version=&#8220;4.16&#8243; custom_padding=&#8220;|||&#8220; global_colors_info=&#8220;{}&#8220; custom_padding__hover=&#8220;|||&#8220;][\/et_pb_column][\/et_pb_row][\/et_pb_section][et_pb_section fb_built=&#8220;1&#8243; admin_label=&#8220;Contact Info&#8220; _builder_version=&#8220;4.23.1&#8243; use_background_color_gradient=&#8220;on&#8220; background_color_gradient_stops=&#8220;#0059c3 0%|rgba(0,129,255,0.7) 100%&#8220; background_enable_image=&#8220;off&#8220; background_size=&#8220;initial&#8220; background_position=&#8220;top_center&#8220; width=&#8220;80%&#8220; module_alignment=&#8220;center&#8220; custom_padding=&#8220;0|0px|26px|0px|false|false&#8220; border_radii=&#8220;off|||14vw|14vw&#8220; global_colors_info=&#8220;{}&#8220;][et_pb_row column_structure=&#8220;1_3,1_3,1_3&#8243; custom_padding_last_edited=&#8220;on|desktop&#8220; _builder_version=&#8220;4.23.1&#8243; max_width=&#8220;1280px&#8220; module_alignment=&#8220;center&#8220; custom_margin=&#8220;|||&#8220; custom_padding=&#8220;40px|5vw|19px|5vw|false|true&#8220; custom_padding_tablet=&#8220;|5vw||5vw||true&#8220; custom_padding_phone=&#8220;|5vw||5vw||true&#8220; animation_style=&#8220;zoom&#8220; animation_direction=&#8220;top&#8220; animation_intensity_zoom=&#8220;1%&#8220; use_custom_width=&#8220;on&#8220; custom_width_px=&#8220;1280px&#8220; global_colors_info=&#8220;{}&#8220;][et_pb_column type=&#8220;1_3&#8243; _builder_version=&#8220;4.16&#8243; custom_padding=&#8220;|||&#8220; custom_padding_tablet=&#8220;40px|||&#8220; custom_padding_phone=&#8220;20px|||&#8220; custom_padding_last_edited=&#8220;off|desktop&#8220; global_colors_info=&#8220;{}&#8220; padding_phone=&#8220;20px|||&#8220; padding_tablet=&#8220;40px|||&#8220; padding_last_edited=&#8220;off|desktop&#8220; custom_padding__hover=&#8220;|||&#8220;][et_pb_blurb title=&#8220;Unsere Kontaktdaten&#8220; use_icon=&#8220;on&#8220; font_icon=&#8220;&#xe090;||divi||400&#8243; icon_color=&#8220;#ffffff&#8220; icon_placement=&#8220;left&#8220; _builder_version=&#8220;4.23.1&#8243; header_font=&#8220;||||||||&#8220; header_line_height=&#8220;1.6em&#8220; body_font=&#8220;||||||||&#8220; body_line_height=&#8220;2em&#8220; background_layout=&#8220;dark&#8220; animation=&#8220;off&#8220; global_colors_info=&#8220;{}&#8220;]<\/p>\n<p>Tel.: 0 49 55 &#8211; 92 00 50<br \/>Fax: 0 49 55 &#8211; 92 00 52<br \/><span style=\"text-decoration: underline;\"><a href=\"mailto:info@soziale-dienste-wol.de\" style=\"color: white; text-decoration: underline;\">info@soziale-dienste-wol.de<\/a><\/span><\/p>\n<p>[\/et_pb_blurb][\/et_pb_column][et_pb_column type=&#8220;1_3&#8243; _builder_version=&#8220;4.16&#8243; custom_padding=&#8220;|||&#8220; custom_padding_tablet=&#8220;40px|||&#8220; custom_padding_phone=&#8220;20px|||&#8220; custom_padding_last_edited=&#8220;off|desktop&#8220; global_colors_info=&#8220;{}&#8220; padding_phone=&#8220;20px|||&#8220; padding_tablet=&#8220;40px|||&#8220; padding_last_edited=&#8220;off|desktop&#8220; custom_padding__hover=&#8220;|||&#8220;][et_pb_blurb title=&#8220;Adresse&#8220; use_icon=&#8220;on&#8220; font_icon=&#8220;&#xe081;||divi||400&#8243; icon_color=&#8220;#ffffff&#8220; icon_placement=&#8220;left&#8220; _builder_version=&#8220;4.23.1&#8243; header_font=&#8220;||||||||&#8220; header_line_height=&#8220;1.6em&#8220; body_font=&#8220;||||||||&#8220; body_line_height=&#8220;2em&#8220; background_layout=&#8220;dark&#8220; animation=&#8220;off&#8220; global_colors_info=&#8220;{}&#8220;]Schubertstr. 5<br \/>\n26810 Westoverledingen[\/et_pb_blurb][\/et_pb_column][et_pb_column type=&#8220;1_3&#8243; _builder_version=&#8220;4.16&#8243; custom_padding=&#8220;|||&#8220; custom_padding_tablet=&#8220;40px|||&#8220; custom_padding_phone=&#8220;20px|||&#8220; custom_padding_last_edited=&#8220;off|desktop&#8220; global_colors_info=&#8220;{}&#8220; padding_phone=&#8220;20px|||&#8220; padding_tablet=&#8220;40px|||&#8220; padding_last_edited=&#8220;off|desktop&#8220; custom_padding__hover=&#8220;|||&#8220;][et_pb_blurb title=&#8220;B\u00fcrozeiten&#8220; use_icon=&#8220;on&#8220; font_icon=&#8220;&#xe06b;||divi||400&#8243; icon_color=&#8220;#ffffff&#8220; icon_placement=&#8220;left&#8220; _builder_version=&#8220;4.23.1&#8243; header_font=&#8220;||||||||&#8220; header_line_height=&#8220;1.6em&#8220; body_font=&#8220;||||||||&#8220; body_line_height=&#8220;2em&#8220; background_layout=&#8220;dark&#8220; animation=&#8220;off&#8220; global_colors_info=&#8220;{}&#8220;]Montag &#8211; Donnerstag: 08 &#8211; 14 Uhr<br \/>\nFreitag: 08 &#8211; 13 Uhr<br \/>\nSamstag &amp; Sonntag: geschlossen[\/et_pb_blurb][\/et_pb_column][\/et_pb_row][\/et_pb_section][et_pb_section fb_built=&#8220;1&#8243; admin_label=&#8220;Our Services&#8220; _builder_version=&#8220;4.16&#8243; use_background_color_gradient=&#8220;on&#8220; background_color_gradient_stops=&#8220;#ffffff 0%|#eff1f4 100%&#8220; background_color_gradient_start=&#8220;#ffffff&#8220; background_color_gradient_end=&#8220;#eff1f4&#8243; background_image=&#8220;https:\/\/soziale-dienste-wol.de\/wp-content\/uploads\/2023\/12\/dentist-19.png&#8220; bottom_divider_style=&#8220;wave&#8220; bottom_divider_color=&#8220;#ffffff&#8220; global_colors_info=&#8220;{}&#8220;][et_pb_row column_structure=&#8220;3_5,2_5&#8243; _builder_version=&#8220;4.16&#8243; global_colors_info=&#8220;{}&#8220;][et_pb_column type=&#8220;3_5&#8243; _builder_version=&#8220;4.16&#8243; custom_padding=&#8220;|||&#8220; global_colors_info=&#8220;{}&#8220; custom_padding__hover=&#8220;|||&#8220;][et_pb_text _builder_version=&#8220;4.23.1&#8243; text_font=&#8220;Open Sans||||||||&#8220; text_line_height=&#8220;2em&#8220; header_font=&#8220;||||||||&#8220; header_2_font=&#8220;Days One||||||||&#8220; header_2_font_size=&#8220;27px&#8220; header_2_line_height=&#8220;1.4em&#8220; header_2_font_size_tablet=&#8220;35px&#8220; header_2_font_size_phone=&#8220;25px&#8220; header_2_font_size_last_edited=&#8220;on|phone&#8220; global_colors_info=&#8220;{}&#8220;]<\/p>\n<h2>Unser Bereitschaftsdienst ist rund um die Uhr unter 0 49 55 &#8211; 92 00 50 erreichbar<\/h2>\n<p>Wir freuen uns \u00fcber Ihren Besuch und begr\u00fc\u00dfen Sie auf unserer Internetpr\u00e4senz.<br \/>Mit den folgenden Ausf\u00fchrungen m\u00f6chten wir Ihnen unseren ambulanten Pflegedienst vorstellen und Ihnen Informationen rund um das Thema &#8222;Pflege zu Hause&#8220; geben.<\/p>\n<p>Wir bieten Ihnen nachfolgende pflegerische Dienste und Hilfen im Haushalt an<\/p>\n<p>[\/et_pb_text][\/et_pb_column][et_pb_column type=&#8220;2_5&#8243; _builder_version=&#8220;4.16&#8243; custom_padding=&#8220;|||&#8220; custom_padding_tablet=&#8220;0px||0px|&#8220; global_colors_info=&#8220;{}&#8220; padding_tablet=&#8220;0px||0px|&#8220; custom_padding__hover=&#8220;|||&#8220;][et_pb_button button_url=&#8220;@ET-DC@eyJkeW5hbWljIjp0cnVlLCJjb250ZW50IjoicG9zdF9saW5rX3VybF9wb3N0Iiwic2V0dGluZ3MiOnsicG9zdF9pZCI6IjM0NiJ9fQ==@&#8220; button_text=&#8220;Unsere Leistungen&#8220; button_alignment=&#8220;right&#8220; button_alignment_tablet=&#8220;center&#8220; button_alignment_phone=&#8220;center&#8220; button_alignment_last_edited=&#8220;on|phone&#8220; _builder_version=&#8220;4.23.1&#8243; _dynamic_attributes=&#8220;button_url&#8220; custom_button=&#8220;on&#8220; button_text_size=&#8220;16px&#8220; button_text_color=&#8220;#ffffff&#8220; button_bg_color=&#8220;#52a8ff&#8220; button_border_width=&#8220;7px&#8220; button_border_color=&#8220;rgba(0,0,0,0)&#8220; button_border_radius=&#8220;100px&#8220; button_font=&#8220;Open Sans|700|||||||&#8220; animation_style=&#8220;slide&#8220; animation_direction=&#8220;bottom&#8220; button_text_color_hover=&#8220;#ffffff&#8220; button_border_color_hover=&#8220;rgba(0,0,0,0)&#8220; button_border_radius_hover=&#8220;100px&#8220; button_bg_color_hover=&#8220;#0059c3&#8243; locked=&#8220;off&#8220; global_colors_info=&#8220;{}&#8220; button_text_size__hover_enabled=&#8220;off&#8220; button_one_text_size__hover_enabled=&#8220;off&#8220; button_two_text_size__hover_enabled=&#8220;off&#8220; button_text_color__hover_enabled=&#8220;on&#8220; button_text_color__hover=&#8220;#ffffff&#8220; button_one_text_color__hover_enabled=&#8220;off&#8220; button_two_text_color__hover_enabled=&#8220;off&#8220; button_border_width__hover_enabled=&#8220;off&#8220; button_one_border_width__hover_enabled=&#8220;off&#8220; button_two_border_width__hover_enabled=&#8220;off&#8220; button_border_color__hover_enabled=&#8220;on&#8220; button_border_color__hover=&#8220;rgba(0,0,0,0)&#8220; button_one_border_color__hover_enabled=&#8220;off&#8220; button_two_border_color__hover_enabled=&#8220;off&#8220; button_border_radius__hover_enabled=&#8220;on&#8220; button_border_radius__hover=&#8220;100px&#8220; button_one_border_radius__hover_enabled=&#8220;off&#8220; button_two_border_radius__hover_enabled=&#8220;off&#8220; button_letter_spacing__hover_enabled=&#8220;off&#8220; button_one_letter_spacing__hover_enabled=&#8220;off&#8220; button_two_letter_spacing__hover_enabled=&#8220;off&#8220; button_bg_color__hover_enabled=&#8220;on&#8220; button_bg_color__hover=&#8220;#0059c3&#8243; button_one_bg_color__hover_enabled=&#8220;off&#8220; button_two_bg_color__hover_enabled=&#8220;off&#8220;][\/et_pb_button][et_pb_button button_url=&#8220;tel:+494955920050&#8243; button_text=&#8220;Jetzt anrufen&#8220; button_alignment=&#8220;right&#8220; button_alignment_tablet=&#8220;center&#8220; button_alignment_phone=&#8220;center&#8220; button_alignment_last_edited=&#8220;on|phone&#8220; _builder_version=&#8220;4.23.1&#8243; custom_button=&#8220;on&#8220; button_text_size=&#8220;16px&#8220; button_text_color=&#8220;#ffffff&#8220; button_bg_color=&#8220;#52a8ff&#8220; button_border_width=&#8220;7px&#8220; button_border_color=&#8220;rgba(0,0,0,0)&#8220; button_border_radius=&#8220;100px&#8220; button_font=&#8220;Open Sans|700|||||||&#8220; animation_style=&#8220;slide&#8220; animation_direction=&#8220;bottom&#8220; button_text_color_hover=&#8220;#ffffff&#8220; button_border_color_hover=&#8220;rgba(0,0,0,0)&#8220; button_border_radius_hover=&#8220;100px&#8220; button_bg_color_hover=&#8220;#0059c3&#8243; locked=&#8220;off&#8220; global_colors_info=&#8220;{}&#8220; button_text_size__hover_enabled=&#8220;off&#8220; button_one_text_size__hover_enabled=&#8220;off&#8220; button_two_text_size__hover_enabled=&#8220;off&#8220; button_text_color__hover_enabled=&#8220;on&#8220; button_text_color__hover=&#8220;#ffffff&#8220; button_one_text_color__hover_enabled=&#8220;off&#8220; button_two_text_color__hover_enabled=&#8220;off&#8220; button_border_width__hover_enabled=&#8220;off&#8220; button_one_border_width__hover_enabled=&#8220;off&#8220; button_two_border_width__hover_enabled=&#8220;off&#8220; button_border_color__hover_enabled=&#8220;on&#8220; button_border_color__hover=&#8220;rgba(0,0,0,0)&#8220; button_one_border_color__hover_enabled=&#8220;off&#8220; button_two_border_color__hover_enabled=&#8220;off&#8220; button_border_radius__hover_enabled=&#8220;on&#8220; button_border_radius__hover=&#8220;100px&#8220; button_one_border_radius__hover_enabled=&#8220;off&#8220; button_two_border_radius__hover_enabled=&#8220;off&#8220; button_letter_spacing__hover_enabled=&#8220;off&#8220; button_one_letter_spacing__hover_enabled=&#8220;off&#8220; button_two_letter_spacing__hover_enabled=&#8220;off&#8220; button_bg_color__hover_enabled=&#8220;on&#8220; button_bg_color__hover=&#8220;#0059c3&#8243; button_one_bg_color__hover_enabled=&#8220;off&#8220; button_two_bg_color__hover_enabled=&#8220;off&#8220;][\/et_pb_button][\/et_pb_column][\/et_pb_row][et_pb_row column_structure=&#8220;1_2,1_2&#8243; _builder_version=&#8220;4.23.1&#8243; _module_preset=&#8220;default&#8220; global_colors_info=&#8220;{}&#8220;][et_pb_column type=&#8220;1_2&#8243; _builder_version=&#8220;4.23.1&#8243; _module_preset=&#8220;default&#8220; global_colors_info=&#8220;{}&#8220;][et_pb_blurb title=&#8220;Behandlungspflege nach \u00e4rztlicher Verordnung&#8220; url_new_window=&#8220;on&#8220; use_icon=&#8220;on&#8220; font_icon=&#8220;&#x5e;||divi||400&#8243; icon_color=&#8220;#0079ff&#8220; icon_placement=&#8220;left&#8220; _builder_version=&#8220;4.23.1&#8243; header_level=&#8220;h3&#8243; header_font=&#8220;||||||||&#8220; header_font_size=&#8220;15px&#8220; header_line_height=&#8220;2em&#8220; body_font=&#8220;Open Sans||||||||&#8220; body_line_height=&#8220;2em&#8220; custom_margin=&#8220;||||false|false&#8220; animation=&#8220;off&#8220; locked=&#8220;off&#8220; global_colors_info=&#8220;{}&#8220;][\/et_pb_blurb][et_pb_blurb title=&#8220;Pflege&#8220; url_new_window=&#8220;on&#8220; use_icon=&#8220;on&#8220; font_icon=&#8220;&#x5e;||divi||400&#8243; icon_color=&#8220;#0079ff&#8220; icon_placement=&#8220;left&#8220; _builder_version=&#8220;4.23.1&#8243; header_level=&#8220;h3&#8243; header_font=&#8220;||||||||&#8220; header_font_size=&#8220;15px&#8220; header_line_height=&#8220;2em&#8220; body_font=&#8220;Open Sans||||||||&#8220; body_line_height=&#8220;2em&#8220; custom_margin=&#8220;||||false|false&#8220; animation=&#8220;off&#8220; locked=&#8220;off&#8220; global_colors_info=&#8220;{}&#8220;][\/et_pb_blurb][et_pb_blurb title=&#8220;Haushaltshilfe&#8220; url_new_window=&#8220;on&#8220; use_icon=&#8220;on&#8220; font_icon=&#8220;&#x5e;||divi||400&#8243; icon_color=&#8220;#0079ff&#8220; icon_placement=&#8220;left&#8220; _builder_version=&#8220;4.23.1&#8243; header_level=&#8220;h3&#8243; header_font=&#8220;||||||||&#8220; header_font_size=&#8220;15px&#8220; header_line_height=&#8220;2em&#8220; body_font=&#8220;Open Sans||||||||&#8220; body_line_height=&#8220;2em&#8220; custom_margin=&#8220;||||false|false&#8220; animation=&#8220;off&#8220; locked=&#8220;off&#8220; global_colors_info=&#8220;{}&#8220;][\/et_pb_blurb][\/et_pb_column][et_pb_column type=&#8220;1_2&#8243; _builder_version=&#8220;4.23.1&#8243; _module_preset=&#8220;default&#8220; global_colors_info=&#8220;{}&#8220;][et_pb_blurb title=&#8220;Palliativversorgung (SAPV)&#8220; url_new_window=&#8220;on&#8220; use_icon=&#8220;on&#8220; font_icon=&#8220;&#x5e;||divi||400&#8243; icon_color=&#8220;#0079ff&#8220; icon_placement=&#8220;left&#8220; _builder_version=&#8220;4.23.1&#8243; header_level=&#8220;h3&#8243; header_font=&#8220;||||||||&#8220; header_font_size=&#8220;15px&#8220; header_line_height=&#8220;2em&#8220; body_font=&#8220;Open Sans||||||||&#8220; body_line_height=&#8220;2em&#8220; custom_margin=&#8220;||||false|false&#8220; animation=&#8220;off&#8220; locked=&#8220;off&#8220; global_colors_info=&#8220;{}&#8220;][\/et_pb_blurb][et_pb_blurb title=&#8220;Serviceleistungen rund um die Pflege&#8220; url_new_window=&#8220;on&#8220; use_icon=&#8220;on&#8220; font_icon=&#8220;&#x5e;||divi||400&#8243; icon_color=&#8220;#0079ff&#8220; icon_placement=&#8220;left&#8220; _builder_version=&#8220;4.23.1&#8243; header_level=&#8220;h3&#8243; header_font=&#8220;||||||||&#8220; header_font_size=&#8220;15px&#8220; header_line_height=&#8220;2em&#8220; body_font=&#8220;Open Sans||||||||&#8220; body_line_height=&#8220;2em&#8220; custom_margin=&#8220;||||false|false&#8220; animation=&#8220;off&#8220; locked=&#8220;off&#8220; global_colors_info=&#8220;{}&#8220;][\/et_pb_blurb][et_pb_blurb title=&#8220;Pflegeberatungen nach \u00a7 37 Abs. 3 SGB XI&#8220; url_new_window=&#8220;on&#8220; use_icon=&#8220;on&#8220; font_icon=&#8220;&#x5e;||divi||400&#8243; icon_color=&#8220;#0079ff&#8220; icon_placement=&#8220;left&#8220; _builder_version=&#8220;4.23.1&#8243; header_level=&#8220;h3&#8243; header_font=&#8220;||||||||&#8220; header_font_size=&#8220;15px&#8220; header_line_height=&#8220;2em&#8220; body_font=&#8220;Open Sans||||||||&#8220; body_line_height=&#8220;2em&#8220; custom_margin=&#8220;||||false|false&#8220; animation=&#8220;off&#8220; hover_enabled=&#8220;0&#8243; locked=&#8220;off&#8220; global_colors_info=&#8220;{}&#8220; sticky_enabled=&#8220;0&#8243;][\/et_pb_blurb][\/et_pb_column][\/et_pb_row][\/et_pb_section]<\/p>\n","protected":false},"excerpt":{"rendered":"<p>Soziale Dienste Westoverledingen Kirchlicher PflegedienstTel.: 0 49 55 &#8211; 92 00 50Fax: 0 49 55 &#8211; 92 00 52info@soziale-dienste-wol.deSchubertstr. 5 26810 WestoverledingenMontag &#8211; Donnerstag: 08 &#8211; 14 Uhr Freitag: 08 &#8211; 13 Uhr Samstag &amp; Sonntag: geschlossenUnser Bereitschaftsdienst ist rund um die Uhr unter 0 49 55 &#8211; 92 00 50 erreichbar Wir freuen uns [&hellip;]<\/p>\n","protected":false},"author":1,"featured_media":0,"parent":0,"menu_order":0,"comment_status":"closed","ping_status":"closed","template":"","meta":{"_et_pb_use_builder":"on","_et_pb_old_content":"<!-- wp:divi\/placeholder \/-->","_et_gb_content_width":"","footnotes":""},"class_list":["post-62","page","type-page","status-publish","hentry"],"yoast_head":"<!-- This site is optimized with the Yoast SEO plugin v24.0 - https:\/\/yoast.com\/wordpress\/plugins\/seo\/ -->\n<title>Startseite - Soziale Dienste Westoverledingen e.V.<\/title>\n<meta name=\"robots\" content=\"noindex, follow, max-snippet:-1, max-image-preview:large, max-video-preview:-1\" \/>\n<meta property=\"og:locale\" content=\"de_DE\" \/>\n<meta property=\"og:type\" content=\"article\" \/>\n<meta property=\"og:title\" content=\"Startseite - Soziale Dienste Westoverledingen e.V.\" \/>\n<meta property=\"og:description\" content=\"Soziale Dienste Westoverledingen Kirchlicher PflegedienstTel.: 0 49 55 - 92 00 50Fax: 0 49 55 - 92 00 52info@soziale-dienste-wol.deSchubertstr. 5 26810 WestoverledingenMontag - Donnerstag: 08 - 14 Uhr Freitag: 08 - 13 Uhr Samstag &amp; Sonntag: geschlossenUnser Bereitschaftsdienst ist rund um die Uhr unter 0 49 55 - 92 00 50 erreichbar Wir freuen uns [&hellip;]\" \/>\n<meta property=\"og:url\" content=\"https:\/\/soziale-dienste-wol.de\/\" \/>\n<meta property=\"og:site_name\" content=\"Soziale Dienste Westoverledingen e.V.\" \/>\n<meta property=\"article:modified_time\" content=\"2025-01-28T10:25:26+00:00\" \/>\n<meta name=\"twitter:card\" content=\"summary_large_image\" \/>\n<meta name=\"twitter:label1\" content=\"Gesch\u00e4tzte Lesezeit\" \/>\n\t<meta name=\"twitter:data1\" content=\"9\u00a0Minuten\" \/>\n<script type=\"application\/ld+json\" class=\"yoast-schema-graph\">{\"@context\":\"https:\/\/schema.org\",\"@graph\":[{\"@type\":\"WebPage\",\"@id\":\"https:\/\/soziale-dienste-wol.de\/\",\"url\":\"https:\/\/soziale-dienste-wol.de\/\",\"name\":\"Startseite - Soziale Dienste Westoverledingen e.V.\",\"isPartOf\":{\"@id\":\"https:\/\/soziale-dienste-wol.de\/#website\"},\"datePublished\":\"2023-12-06T09:52:13+00:00\",\"dateModified\":\"2025-01-28T10:25:26+00:00\",\"breadcrumb\":{\"@id\":\"https:\/\/soziale-dienste-wol.de\/#breadcrumb\"},\"inLanguage\":\"de\",\"potentialAction\":[{\"@type\":\"ReadAction\",\"target\":[\"https:\/\/soziale-dienste-wol.de\/\"]}]},{\"@type\":\"BreadcrumbList\",\"@id\":\"https:\/\/soziale-dienste-wol.de\/#breadcrumb\",\"itemListElement\":[{\"@type\":\"ListItem\",\"position\":1,\"name\":\"Startseite\",\"item\":\"https:\/\/soziale-dienste-wol.de\/\"},{\"@type\":\"ListItem\",\"position\":2,\"name\":\"Startseite\"}]},{\"@type\":\"WebSite\",\"@id\":\"https:\/\/soziale-dienste-wol.de\/#website\",\"url\":\"https:\/\/soziale-dienste-wol.de\/\",\"name\":\"Soziale Dienste Westoverledingen e.V.\",\"description\":\"Kirchlicher Pflegedienst\",\"publisher\":{\"@id\":\"https:\/\/soziale-dienste-wol.de\/#organization\"},\"potentialAction\":[{\"@type\":\"SearchAction\",\"target\":{\"@type\":\"EntryPoint\",\"urlTemplate\":\"https:\/\/soziale-dienste-wol.de\/?s={search_term_string}\"},\"query-input\":{\"@type\":\"PropertyValueSpecification\",\"valueRequired\":true,\"valueName\":\"search_term_string\"}}],\"inLanguage\":\"de\"},{\"@type\":\"Organization\",\"@id\":\"https:\/\/soziale-dienste-wol.de\/#organization\",\"name\":\"Soziale Dienste Westoverledingen e.V.\",\"url\":\"https:\/\/soziale-dienste-wol.de\/\",\"logo\":{\"@type\":\"ImageObject\",\"inLanguage\":\"de\",\"@id\":\"https:\/\/soziale-dienste-wol.de\/#\/schema\/logo\/image\/\",\"url\":\"https:\/\/soziale-dienste-wol.de\/wp-content\/uploads\/2024\/01\/logofit.png\",\"contentUrl\":\"https:\/\/soziale-dienste-wol.de\/wp-content\/uploads\/2024\/01\/logofit.png\",\"width\":2467,\"height\":640,\"caption\":\"Soziale Dienste Westoverledingen e.V.\"},\"image\":{\"@id\":\"https:\/\/soziale-dienste-wol.de\/#\/schema\/logo\/image\/\"}}]}<\/script>\n<!-- \/ Yoast SEO plugin. -->","yoast_head_json":{"title":"Startseite - Soziale Dienste Westoverledingen e.V.","robots":{"index":"noindex","follow":"follow","max-snippet":"max-snippet:-1","max-image-preview":"max-image-preview:large","max-video-preview":"max-video-preview:-1"},"og_locale":"de_DE","og_type":"article","og_title":"Startseite - Soziale Dienste Westoverledingen e.V.","og_description":"Soziale Dienste Westoverledingen Kirchlicher PflegedienstTel.: 0 49 55 - 92 00 50Fax: 0 49 55 - 92 00 52info@soziale-dienste-wol.deSchubertstr. 5 26810 WestoverledingenMontag - Donnerstag: 08 - 14 Uhr Freitag: 08 - 13 Uhr Samstag &amp; Sonntag: geschlossenUnser Bereitschaftsdienst ist rund um die Uhr unter 0 49 55 - 92 00 50 erreichbar Wir freuen uns [&hellip;]","og_url":"https:\/\/soziale-dienste-wol.de\/","og_site_name":"Soziale Dienste Westoverledingen e.V.","article_modified_time":"2025-01-28T10:25:26+00:00","twitter_card":"summary_large_image","twitter_misc":{"Gesch\u00e4tzte Lesezeit":"9\u00a0Minuten"},"schema":{"@context":"https:\/\/schema.org","@graph":[{"@type":"WebPage","@id":"https:\/\/soziale-dienste-wol.de\/","url":"https:\/\/soziale-dienste-wol.de\/","name":"Startseite - Soziale Dienste Westoverledingen e.V.","isPartOf":{"@id":"https:\/\/soziale-dienste-wol.de\/#website"},"datePublished":"2023-12-06T09:52:13+00:00","dateModified":"2025-01-28T10:25:26+00:00","breadcrumb":{"@id":"https:\/\/soziale-dienste-wol.de\/#breadcrumb"},"inLanguage":"de","potentialAction":[{"@type":"ReadAction","target":["https:\/\/soziale-dienste-wol.de\/"]}]},{"@type":"BreadcrumbList","@id":"https:\/\/soziale-dienste-wol.de\/#breadcrumb","itemListElement":[{"@type":"ListItem","position":1,"name":"Startseite","item":"https:\/\/soziale-dienste-wol.de\/"},{"@type":"ListItem","position":2,"name":"Startseite"}]},{"@type":"WebSite","@id":"https:\/\/soziale-dienste-wol.de\/#website","url":"https:\/\/soziale-dienste-wol.de\/","name":"Soziale Dienste Westoverledingen e.V.","description":"Kirchlicher Pflegedienst","publisher":{"@id":"https:\/\/soziale-dienste-wol.de\/#organization"},"potentialAction":[{"@type":"SearchAction","target":{"@type":"EntryPoint","urlTemplate":"https:\/\/soziale-dienste-wol.de\/?s={search_term_string}"},"query-input":{"@type":"PropertyValueSpecification","valueRequired":true,"valueName":"search_term_string"}}],"inLanguage":"de"},{"@type":"Organization","@id":"https:\/\/soziale-dienste-wol.de\/#organization","name":"Soziale Dienste Westoverledingen e.V.","url":"https:\/\/soziale-dienste-wol.de\/","logo":{"@type":"ImageObject","inLanguage":"de","@id":"https:\/\/soziale-dienste-wol.de\/#\/schema\/logo\/image\/","url":"https:\/\/soziale-dienste-wol.de\/wp-content\/uploads\/2024\/01\/logofit.png","contentUrl":"https:\/\/soziale-dienste-wol.de\/wp-content\/uploads\/2024\/01\/logofit.png","width":2467,"height":640,"caption":"Soziale Dienste Westoverledingen e.V."},"image":{"@id":"https:\/\/soziale-dienste-wol.de\/#\/schema\/logo\/image\/"}}]}},"_links":{"self":[{"href":"https:\/\/soziale-dienste-wol.de\/index.php\/wp-json\/wp\/v2\/pages\/62","targetHints":{"allow":["GET"]}}],"collection":[{"href":"https:\/\/soziale-dienste-wol.de\/index.php\/wp-json\/wp\/v2\/pages"}],"about":[{"href":"https:\/\/soziale-dienste-wol.de\/index.php\/wp-json\/wp\/v2\/types\/page"}],"author":[{"embeddable":true,"href":"https:\/\/soziale-dienste-wol.de\/index.php\/wp-json\/wp\/v2\/users\/1"}],"replies":[{"embeddable":true,"href":"https:\/\/soziale-dienste-wol.de\/index.php\/wp-json\/wp\/v2\/comments?post=62"}],"version-history":[{"count":37,"href":"https:\/\/soziale-dienste-wol.de\/index.php\/wp-json\/wp\/v2\/pages\/62\/revisions"}],"predecessor-version":[{"id":400,"href":"https:\/\/soziale-dienste-wol.de\/index.php\/wp-json\/wp\/v2\/pages\/62\/revisions\/400"}],"wp:attachment":[{"href":"https:\/\/soziale-dienste-wol.de\/index.php\/wp-json\/wp\/v2\/media?parent=62"}],"curies":[{"name":"wp","href":"https:\/\/api.w.org\/{rel}","templated":true}]}}